{"id":7001,"date":"2023-04-25T12:23:46","date_gmt":"2023-04-25T10:23:46","guid":{"rendered":"https:\/\/elpos.ch\/?page_id=7001"},"modified":"2024-10-16T14:11:05","modified_gmt":"2024-10-16T12:11:05","slug":"tdah-et-armee","status":"publish","type":"page","link":"https:\/\/elpos.ch\/fr\/adhs-und-militaer\/","title":{"rendered":"TDAH et arm\u00e9e"},"content":{"rendered":"<div data-elementor-type=\"wp-page\" data-elementor-id=\"7001\" class=\"elementor elementor-7001\" data-elementor-post-type=\"page\">\n\t\t\t\t\t\t<section class=\"elementor-section elementor-top-section elementor-element elementor-element-54f85d8 elementor-section-full_width elementor-section-height-default elementor-section-height-default\" data-id=\"54f85d8\" data-element_type=\"section\" data-e-type=\"section\" data-settings=\"{&quot;background_background&quot;:&quot;classic&quot;}\">\n\t\t\t\t\t\t\t<div class=\"elementor-background-overlay\"><\/div>\n\t\t\t\t\t\t\t<div class=\"elementor-container elementor-column-gap-default\">\n\t\t\t\t\t<div class=\"elementor-column elementor-col-100 elementor-top-column elementor-element elementor-element-3e6298d\" data-id=\"3e6298d\" data-element_type=\"column\" data-e-type=\"column\">\n\t\t\t<div class=\"elementor-widget-wrap elementor-element-populated\">\n\t\t\t\t\t\t<div class=\"elementor-element elementor-element-0d87e8c elementor-widget-mobile__width-inherit elementor-widget elementor-widget-heading\" data-id=\"0d87e8c\" data-element_type=\"widget\" data-e-type=\"widget\" data-widget_type=\"heading.default\">\n\t\t\t\t\t<h1 class=\"elementor-heading-title elementor-size-default\">TDAH et arm\u00e9e<\/h1>\t\t\t\t<\/div>\n\t\t\t\t\t<\/div>\n\t\t<\/div>\n\t\t\t\t\t<\/div>\n\t\t<\/section>\n\t\t\t\t<section class=\"elementor-section elementor-top-section elementor-element elementor-element-671a96a elementor-section-full_width elementor-section-height-default elementor-section-height-default\" data-id=\"671a96a\" data-element_type=\"section\" data-e-type=\"section\" data-settings=\"{&quot;background_background&quot;:&quot;classic&quot;}\">\n\t\t\t\t\t\t<div class=\"elementor-container elementor-column-gap-default\">\n\t\t\t\t\t<div class=\"elementor-column elementor-col-50 elementor-top-column elementor-element elementor-element-8246cbb\" data-id=\"8246cbb\" data-element_type=\"column\" data-e-type=\"column\">\n\t\t\t<div class=\"elementor-widget-wrap elementor-element-populated\">\n\t\t\t\t\t\t<div class=\"elementor-element elementor-element-a02b048 elementor-widget elementor-widget-heading\" data-id=\"a02b048\" data-element_type=\"widget\" data-e-type=\"widget\" data-widget_type=\"heading.default\">\n\t\t\t\t\t<h2 class=\"elementor-heading-title elementor-size-default\">TDAH dans le service militaire<\/h2>\t\t\t\t<\/div>\n\t\t\t\t<div class=\"elementor-element elementor-element-4e06d50 elementor-widget__width-initial elementor-widget elementor-widget-text-editor\" data-id=\"4e06d50\" data-element_type=\"widget\" data-e-type=\"widget\" data-widget_type=\"text-editor.default\">\n\t\t\t\t\t\t\t\t\t<p>Le trouble du d\u00e9ficit de l'attention avec hyperactivit\u00e9 se manifeste par des difficult\u00e9s d'attention, d'impulsivit\u00e9 et d'autor\u00e9gulation dans la vie quotidienne, et peut \u00eatre accompagn\u00e9 d'une grande agitation physique.<\/p><p>Les recherches plus r\u00e9centes montrent que ce trouble doit \u00eatre compris comme un retard complexe dans le d\u00e9veloppement de l'autor\u00e9gulation et de l'auto-organisation du cerveau. Les personnes concern\u00e9es font de nombreuses erreurs d'inattention, sont facilement distrayables, n'arrivent pas \u00e0 \u00e9couter, ont un sch\u00e9ma de travail d\u00e9sordonn\u00e9, sans plan ou d\u00e9sorganis\u00e9, perdent de nombreux objets (mat\u00e9riel scolaire, cl\u00e9s, crayons, outils, lunettes etc.), n'anticipent pas les rendez-vous ou les courses promises, gesticulent souvent des mains et des pieds, se balancent sur la chaise \u00e0 table, ne peuvent pas rester assis, parlent souvent excessivement, ne peuvent pas \u00eatre guid\u00e9s, sont impulsifs, ne peuvent pas attendre.<\/p><p><b>Les sympt\u00f4mes seuls n'ont pas de valeur diagnostique.<\/b>\u00a0Cependant, si ces modes de comportement entra\u00eenent des difficult\u00e9s \u00e0 l'\u00e9cole, une baisse des performances scolaires ou des probl\u00e8mes d'int\u00e9gration sociale, le mode de vie est alt\u00e9r\u00e9. Cela cr\u00e9e une d\u00e9tresse pour les personnes concern\u00e9es et leur entourage, ce qui justifie une th\u00e9rapie.<\/p><p>L'objectif d'une intervention m\u00e9dicamenteuse, le plus souvent combin\u00e9e \u00e0 une th\u00e9rapie comportementale, est de r\u00e9guler le quotidien de mani\u00e8re autonome, adapt\u00e9e \u00e0 l'\u00e2ge et de favoriser le d\u00e9veloppement du cerveau et du comportement.<\/p><p><b>TDAH et service militaire : ob\u00e9issance et esprit d'\u00e9quipe<\/b><\/p><p>L'arm\u00e9e suisse a pour mission de d\u00e9fendre le pays et de prot\u00e9ger la population. L'arm\u00e9e est un syst\u00e8me strictement structur\u00e9 et organis\u00e9 hi\u00e9rarchiquement. Nos soldats doivent \u00eatre capables de vivre, de penser et de travailler en groupe. Ils doivent \u00eatre serviables envers leurs camarades. Ils doivent pouvoir s'int\u00e9grer dans un syst\u00e8me fond\u00e9 sur l'ordre et l'ob\u00e9issance. Ils sont form\u00e9s au maniement des armes et doivent \u00eatre capables de les utiliser avec pr\u00e9cision et correction. Ils sont affect\u00e9s \u00e0 diff\u00e9rentes t\u00e2ches, doivent pouvoir s'organiser de mani\u00e8re autonome et monter la garde. Ils doivent \u00eatre pr\u00eats pour des exercices nocturnes et des interventions le week-end.<\/p><p><b>Le traitement et les sympt\u00f4mes d\u00e9cident de l'aptitude au service militaire.<br \/><\/b><b>Le diagnostic du TDAH ne constitue en principe pas un obstacle au service militaire.<\/b><\/p><ul><li>Si un TDAH a \u00e9t\u00e9 diagnostiqu\u00e9 dans l'enfance et qu'il a disparu au fil du temps, et que les personnes concern\u00e9es sont sans m\u00e9dication et sans sympt\u00f4mes pendant au moins un an, elles peuvent effectuer leur service militaire sans restriction.<\/li><li>Les personnes atteintes de TDAH qui fonctionnent sans difficult\u00e9 dans la vie quotidienne gr\u00e2ce \u00e0 une m\u00e9dication sont aptes au service militaire, avec restrictions. Cela signifie qu'elles ne sont pas aptes au tir et ne peuvent pas exercer de fonction de conducteur.<\/li><li>Les personnes soumises \u00e0 l'obligation de servir et diagnostiqu\u00e9es d'un TDAH, trait\u00e9es m\u00e9dicamenteusement et pr\u00e9sentant encore des sympt\u00f4mes r\u00e9siduels, ne sont pas aptes au service militaire. Nous pouvons d\u00e9cider de l'aptitude \u00e0 la protection civile (sans fonction de conducteur) pour ces personnes.<\/li><li>Lors d'un diagnostic de TDAH trait\u00e9 par des m\u00e9thodes alternatives (entra\u00eenement aux strat\u00e9gies, kin\u00e9siologie, etc.), nous examinons les sympt\u00f4mes r\u00e9siduels.<\/li><\/ul><p><b>Il est utile de pr\u00e9senter un certificat d'un m\u00e9decin ou d'un professionnel (psychologie) pour faciliter l'\u00e9valuation.<\/b><\/p><p>Le premier contact avec le service militaire a lieu pour les personnes astreintes au service d\u00e8s l'\u00e2ge d'environ 17 ans lors de la journ\u00e9e d'orientation de l'arm\u00e9e suisse, \u00e0 laquelle elles sont convoqu\u00e9es par le commandement de cercle du canton. Ce jour-l\u00e0, la personne astreinte au service est inform\u00e9e du d\u00e9roulement de la s\u00e9lection et un questionnaire m\u00e9dical lui est remis. Il est important d'y indiquer le diagnostic et le traitement. La s\u00e9lection proprement dite a lieu jusqu'\u00e0 18 mois avant le d\u00e9but de l'\u00e9cole de recrues. Lors de la s\u00e9lection, une \u00e9valuation m\u00e9dico-psychologique approfondie est effectu\u00e9e. Celle-ci repose sur un examen m\u00e9dical, un questionnaire \u00e9lectronique et, le cas \u00e9ch\u00e9ant, un entretien avec des psychologues. En cas de d\u00e9cision d'inaptitude, chaque personne astreinte au service a la possibilit\u00e9 de s'adresser \u00e0 l'instance de r\u00e9clamation et de faire recours contre la d\u00e9cision. Sinon, un service financier sous forme de contribution pour l'exemption du service militaire doit \u00eatre effectu\u00e9.<\/p><p>Pour toute question, veuillez contacter :\u00a0<a href=\"mailto:milazd.info@vtg.admin.ch\">milazd.info@vtg.admin.ch<\/a> ou visitez\u00a0<a href=\"http:\/\/www.armee.ch\/\" target=\"_blank\" rel=\"noopener\">www.armee.ch<\/a>.<\/p><p>Autrice : Dr. med. Susanna Sch\u00e4rli Maurer, ancienne m\u00e9decin-cheffe du Centre de recrutement d'Aarau<\/p><p>Ce texte est apparu pour la premi\u00e8re fois dans elpost n\u00b0 70.\u00a0<\/p>\t\t\t\t\t\t\t\t<\/div>\n\t\t\t\t\t<\/div>\n\t\t<\/div>\n\t\t\t\t<div class=\"elementor-column elementor-col-50 elementor-top-column elementor-element elementor-element-498a54d elementor-hidden-mobile\" data-id=\"498a54d\" data-element_type=\"column\" data-e-type=\"column\">\n\t\t\t<div class=\"elementor-widget-wrap\">\n\t\t\t\t\t\t\t<\/div>\n\t\t<\/div>\n\t\t\t\t\t<\/div>\n\t\t<\/section>\n\t\t\t\t<\/div>","protected":false},"excerpt":{"rendered":"<p>ADHS im Milit\u00e4rdienst Die Aufmerksamkeitsdefizit-Hyperaktivit\u00e4tsst\u00f6rung zeigt sich durch Probleme mit der Aufmerksamkeit, der Impulsivit\u00e4t und der Selbstregulation im allt\u00e4glichen Leben und kann begleitet sein durch starke k\u00f6rperliche Unruhe. Die neueren Forschungen zeigen, dass diese St\u00f6rung als komplexe Entwicklungsverz\u00f6gerung der Selbstregulation und Selbstorganisation im Gehirn zu verstehen ist. Betroffene machen viele Fl\u00fcchtigkeitsfehler, sind ablenkbar, k\u00f6nnen nicht [&hellip;]<\/p>\n","protected":false},"author":1,"featured_media":0,"parent":0,"menu_order":0,"comment_status":"closed","ping_status":"closed","template":"elementor_header_footer","meta":{"footnotes":""},"class_list":["post-7001","page","type-page","status-publish","hentry"],"publishpress_future_action":{"enabled":false,"date":"2026-09-08 08:35:06","action":"change-status","newStatus":"draft","terms":[],"taxonomy":"","extraData":[]},"publishpress_future_workflow_manual_trigger":{"enabledWorkflows":[]},"_links":{"self":[{"href":"https:\/\/elpos.ch\/fr\/wp-json\/wp\/v2\/pages\/7001","targetHints":{"allow":["GET"]}}],"collection":[{"href":"https:\/\/elpos.ch\/fr\/wp-json\/wp\/v2\/pages"}],"about":[{"href":"https:\/\/elpos.ch\/fr\/wp-json\/wp\/v2\/types\/page"}],"author":[{"embeddable":true,"href":"https:\/\/elpos.ch\/fr\/wp-json\/wp\/v2\/users\/1"}],"replies":[{"embeddable":true,"href":"https:\/\/elpos.ch\/fr\/wp-json\/wp\/v2\/comments?post=7001"}],"version-history":[{"count":0,"href":"https:\/\/elpos.ch\/fr\/wp-json\/wp\/v2\/pages\/7001\/revisions"}],"wp:attachment":[{"href":"https:\/\/elpos.ch\/fr\/wp-json\/wp\/v2\/media?parent=7001"}],"curies":[{"name":"wp","href":"https:\/\/api.w.org\/{rel}","templated":true}]}}