{"id":1276,"date":"2022-04-01T08:20:14","date_gmt":"2022-04-01T06:20:14","guid":{"rendered":"https:\/\/www.elposzuerich.juno.preview-ch-dns.net\/?page_id=1276"},"modified":"2025-12-16T15:02:51","modified_gmt":"2025-12-16T14:02:51","slug":"symptomes-diagnostic-informations-pour-les-parents","status":"publish","type":"page","link":"https:\/\/elpos.ch\/fr\/symptome-diagnose-infos-fuer-eltern\/","title":{"rendered":"Sympt\u00f4mes et diagnostic (Informations pour les parents)"},"content":{"rendered":"\t\t<div data-elementor-type=\"wp-page\" data-elementor-id=\"1276\" class=\"elementor elementor-1276\" data-elementor-post-type=\"page\">\n\t\t\t\t\t\t<section class=\"elementor-section elementor-top-section elementor-element elementor-element-e766840 elementor-section-full_width elementor-section-height-default elementor-section-height-default\" data-id=\"e766840\" data-element_type=\"section\" data-e-type=\"section\" data-settings=\"{&quot;background_background&quot;:&quot;classic&quot;}\">\n\t\t\t\t\t\t\t<div class=\"elementor-background-overlay\"><\/div>\n\t\t\t\t\t\t\t<div class=\"elementor-container elementor-column-gap-default\">\n\t\t\t\t\t<div class=\"elementor-column elementor-col-100 elementor-top-column elementor-element elementor-element-cee2fe0\" data-id=\"cee2fe0\" data-element_type=\"column\" data-e-type=\"column\">\n\t\t\t<div class=\"elementor-widget-wrap elementor-element-populated\">\n\t\t\t\t\t\t<div class=\"elementor-element elementor-element-1256367 elementor-widget-mobile__width-inherit elementor-widget elementor-widget-heading\" data-id=\"1256367\" data-element_type=\"widget\" data-e-type=\"widget\" data-widget_type=\"heading.default\">\n\t\t\t\t\t<h1 class=\"elementor-heading-title elementor-size-default\">Symptome &#038; Diagnose (Infos f\u00fcr Eltern)<\/h1>\t\t\t\t<\/div>\n\t\t\t\t\t<\/div>\n\t\t<\/div>\n\t\t\t\t\t<\/div>\n\t\t<\/section>\n\t\t\t\t<section class=\"elementor-section elementor-top-section elementor-element elementor-element-381ad76 elementor-section-full_width elementor-section-height-default elementor-section-height-default\" data-id=\"381ad76\" data-element_type=\"section\" data-e-type=\"section\" data-settings=\"{&quot;background_background&quot;:&quot;classic&quot;}\">\n\t\t\t\t\t\t<div class=\"elementor-container elementor-column-gap-default\">\n\t\t\t\t\t<div class=\"elementor-column elementor-col-100 elementor-top-column elementor-element elementor-element-6186ce8\" data-id=\"6186ce8\" data-element_type=\"column\" data-e-type=\"column\">\n\t\t\t<div class=\"elementor-widget-wrap elementor-element-populated\">\n\t\t\t\t\t\t<div class=\"elementor-element elementor-element-c5b193a elementor-widget elementor-widget-heading\" data-id=\"c5b193a\" data-element_type=\"widget\" data-e-type=\"widget\" data-widget_type=\"heading.default\">\n\t\t\t\t\t<h2 class=\"elementor-heading-title elementor-size-default\">Diagnose Kinder und Jugendliche<\/h2>\t\t\t\t<\/div>\n\t\t\t\t<div class=\"elementor-element elementor-element-5efa6ca elementor-widget elementor-widget-heading\" data-id=\"5efa6ca\" data-element_type=\"widget\" data-e-type=\"widget\" data-widget_type=\"heading.default\">\n\t\t\t\t\t<h3 class=\"elementor-heading-title elementor-size-default\">Die aktuellen diagnostischen Kriterien nach DSM-5<\/h3>\t\t\t\t<\/div>\n\t\t\t\t<div class=\"elementor-element elementor-element-8009c7b elementor-widget elementor-widget-text-editor\" data-id=\"8009c7b\" data-element_type=\"widget\" data-e-type=\"widget\" data-widget_type=\"text-editor.default\">\n\t\t\t\t\t\t\t\t\t<p>(DSM = Diagnostisches und Statistisches Handbuch psychischer St\u00f6rungen der US-Psychiatrischen Vereinigung)<\/p>\t\t\t\t\t\t\t\t<\/div>\n\t\t\t\t<div class=\"elementor-element elementor-element-7ef7286 elementor-widget elementor-widget-text-editor\" data-id=\"7ef7286\" data-element_type=\"widget\" data-e-type=\"widget\" data-widget_type=\"text-editor.default\">\n\t\t\t\t\t\t\t\t\t<ul><li>Vorwiegend unaufmerksam<\/li><li>Vorwiegend hyperaktiv-impulsiv<\/li><li>Kombiniertes (klinisches) Erscheinungsbild<\/li><\/ul>\t\t\t\t\t\t\t\t<\/div>\n\t\t\t\t<div class=\"elementor-element elementor-element-39ecb9b elementor-widget elementor-widget-text-editor\" data-id=\"39ecb9b\" data-element_type=\"widget\" data-e-type=\"widget\" data-widget_type=\"text-editor.default\">\n\t\t\t\t\t\t\t\t\t<p>Zur Erteilung der Diagnose m\u00fcssen die Symptome bereits im Kindesalter (bis 12 Jahre) auftreten, mindestens 6 Monate vorliegen und in zwei oder mehreren Lebensbereichen (Familie, Schule etc.) zu beobachten sein. Ausserdem d\u00fcrfen sie nicht durch eine andere psychische St\u00f6rung besser erkl\u00e4rt werden k\u00f6nnen.<\/p>\t\t\t\t\t\t\t\t<\/div>\n\t\t\t\t<section class=\"elementor-section elementor-inner-section elementor-element elementor-element-8bfbe85 elementor-section-full_width elementor-section-height-default elementor-section-height-default\" data-id=\"8bfbe85\" data-element_type=\"section\" data-e-type=\"section\" data-settings=\"{&quot;background_background&quot;:&quot;classic&quot;}\">\n\t\t\t\t\t\t<div class=\"elementor-container elementor-column-gap-default\">\n\t\t\t\t\t<div class=\"elementor-column elementor-col-100 elementor-inner-column elementor-element elementor-element-0c9c7ce\" data-id=\"0c9c7ce\" data-element_type=\"column\" data-e-type=\"column\">\n\t\t\t<div class=\"elementor-widget-wrap elementor-element-populated\">\n\t\t\t\t\t\t<div class=\"elementor-element elementor-element-6ca4fa0 elementor-widget elementor-widget-toggle\" data-id=\"6ca4fa0\" data-element_type=\"widget\" data-e-type=\"widget\" data-widget_type=\"toggle.default\">\n\t\t\t\t\t\t\t<div class=\"elementor-toggle\">\n\t\t\t\t\t\t\t<div class=\"elementor-toggle-item\">\n\t\t\t\t\t<div id=\"elementor-tab-title-1131\" class=\"elementor-tab-title\" data-tab=\"1\" role=\"button\" aria-controls=\"elementor-tab-content-1131\" aria-expanded=\"false\">\n\t\t\t\t\t\t\t\t\t\t\t\t<span class=\"elementor-toggle-icon elementor-toggle-icon-right\" aria-hidden=\"true\">\n\t\t\t\t\t\t\t\t\t\t\t\t\t\t\t<span class=\"elementor-toggle-icon-closed\"><svg class=\"e-font-icon-svg e-fas-caret-right\" viewBox=\"0 0 192 512\" xmlns=\"http:\/\/www.w3.org\/2000\/svg\"><path d=\"M0 384.662V127.338c0-17.818 21.543-26.741 34.142-14.142l128.662 128.662c7.81 7.81 7.81 20.474 0 28.284L34.142 398.804C21.543 411.404 0 402.48 0 384.662z\"><\/path><\/svg><\/span>\n\t\t\t\t\t\t\t\t<span class=\"elementor-toggle-icon-opened\"><svg class=\"elementor-toggle-icon-opened e-font-icon-svg e-fas-caret-up\" viewBox=\"0 0 320 512\" xmlns=\"http:\/\/www.w3.org\/2000\/svg\"><path d=\"M288.662 352H31.338c-17.818 0-26.741-21.543-14.142-34.142l128.662-128.662c7.81-7.81 20.474-7.81 28.284 0l128.662 128.662c12.6 12.599 3.676 34.142-14.142 34.142z\"><\/path><\/svg><\/span>\n\t\t\t\t\t\t\t\t\t\t\t\t\t<\/span>\n\t\t\t\t\t\t\t\t\t\t\t\t<a class=\"elementor-toggle-title\" tabindex=\"0\">Diagnostische Kriterien der Unaufmerksamkeit<\/a>\n\t\t\t\t\t<\/div>\n\n\t\t\t\t\t<div id=\"elementor-tab-content-1131\" class=\"elementor-tab-content elementor-clearfix\" data-tab=\"1\" role=\"region\" aria-labelledby=\"elementor-tab-title-1131\"><ul><li>Kann oftmals seine Aufmerksamkeit nicht auf Details richten oder macht Fl\u00fcchtigkeitsfehler bei den Schularbeiten, bei Hausaufgaben oder anderen Aktivit\u00e4ten.<\/li><li>Hat oft Schwierigkeiten, l\u00e4ngere Zeit die Aufmerksamkeit bei Aufgaben oder Spielaktivit\u00e4ten aufrechtzuerhalten.<\/li><li>Scheint oft nicht zuzuh\u00f6ren, wenn andere sie\/ihn ansprechen.<\/li><li>F\u00fchrt h\u00e4ufig Anweisungen anderer nicht vollst\u00e4ndig durch und kann Schularbeiten, andere Arbeiten oder Pflichten am Arbeitsplatz nicht zu Ende bringen (nicht aufgrund oppositionellen Verhaltens oder Verst\u00e4ndigungsschwierigkeiten).<\/li><li>Hat oft Schwierigkeiten, Aufgaben und Aktivit\u00e4ten zu organisieren.<\/li><li>Vermeidet h\u00e4ufig oder hat eine Abneigung gegen Aufgaben, die eine l\u00e4nger andauernde, geistige Anstrengung erfordern (Mitarbeit im Unterricht, Hausaufgaben).<\/li><li>Verliert h\u00e4ufig Gegenst\u00e4nde, die sie\/er f\u00fcr Aufgaben oder Aktivit\u00e4ten ben\u00f6tigt (z. B. Spielsachen, Hausaufgabenhefte, Stifte, Werkzeug).<\/li><li>L\u00e4sst sich \u00f6fters durch \u00e4ussere Reize ablenken.<\/li><li>Ist bei Alltagst\u00e4tigkeiten immer wieder vergesslich.<\/li><\/ul><\/div>\n\t\t\t\t<\/div>\n\t\t\t\t\t\t\t<div class=\"elementor-toggle-item\">\n\t\t\t\t\t<div id=\"elementor-tab-title-1132\" class=\"elementor-tab-title\" data-tab=\"2\" role=\"button\" aria-controls=\"elementor-tab-content-1132\" aria-expanded=\"false\">\n\t\t\t\t\t\t\t\t\t\t\t\t<span class=\"elementor-toggle-icon elementor-toggle-icon-right\" aria-hidden=\"true\">\n\t\t\t\t\t\t\t\t\t\t\t\t\t\t\t<span class=\"elementor-toggle-icon-closed\"><svg class=\"e-font-icon-svg e-fas-caret-right\" viewBox=\"0 0 192 512\" xmlns=\"http:\/\/www.w3.org\/2000\/svg\"><path d=\"M0 384.662V127.338c0-17.818 21.543-26.741 34.142-14.142l128.662 128.662c7.81 7.81 7.81 20.474 0 28.284L34.142 398.804C21.543 411.404 0 402.48 0 384.662z\"><\/path><\/svg><\/span>\n\t\t\t\t\t\t\t\t<span class=\"elementor-toggle-icon-opened\"><svg class=\"elementor-toggle-icon-opened e-font-icon-svg e-fas-caret-up\" viewBox=\"0 0 320 512\" xmlns=\"http:\/\/www.w3.org\/2000\/svg\"><path d=\"M288.662 352H31.338c-17.818 0-26.741-21.543-14.142-34.142l128.662-128.662c7.81-7.81 20.474-7.81 28.284 0l128.662 128.662c12.6 12.599 3.676 34.142-14.142 34.142z\"><\/path><\/svg><\/span>\n\t\t\t\t\t\t\t\t\t\t\t\t\t<\/span>\n\t\t\t\t\t\t\t\t\t\t\t\t<a class=\"elementor-toggle-title\" tabindex=\"0\">Diagnostische Kriterien der Hyperaktivit\u00e4t<\/a>\n\t\t\t\t\t<\/div>\n\n\t\t\t\t\t<div id=\"elementor-tab-content-1132\" class=\"elementor-tab-content elementor-clearfix\" data-tab=\"2\" role=\"region\" aria-labelledby=\"elementor-tab-title-1132\"><ul><li>Zappelt h\u00e4ufig mit H\u00e4nden oder F\u00fcssen oder rutscht auf dem Stuhl herum<br \/>Steht in der Klasse oder in anderen Situationen, in denen Sitzenbleiben erwartet wird, oft auf.<\/li><li>L\u00e4uft umher oder klettert exzessiv in Situationen, in denen dies unpassend ist (bei Jugendlichen oder Erwachsenen kann dies auf ein subjektives Unruhegef\u00fchl beschr\u00e4nkt bleiben).<\/li><li>Hat oft Schwierigkeiten, ruhig zu sprechen oder sich mit Freizeitaktivit\u00e4ten ruhig zu besch\u00e4ftigen.<\/li><li>Hat oft Schwierigkeiten, Aufgaben und Aktivit\u00e4ten zu organisieren.<\/li><li>Ist h\u00e4ufig \u00abauf Achse\u00bb oder handelt, als w\u00e4re er\/sie \u00abgetrieben\u00bb.<\/li><li>Redet oftmals \u00fcberm\u00e4ssig viel.<\/li><\/ul><\/div>\n\t\t\t\t<\/div>\n\t\t\t\t\t\t\t<div class=\"elementor-toggle-item\">\n\t\t\t\t\t<div id=\"elementor-tab-title-1133\" class=\"elementor-tab-title\" data-tab=\"3\" role=\"button\" aria-controls=\"elementor-tab-content-1133\" aria-expanded=\"false\">\n\t\t\t\t\t\t\t\t\t\t\t\t<span class=\"elementor-toggle-icon elementor-toggle-icon-right\" aria-hidden=\"true\">\n\t\t\t\t\t\t\t\t\t\t\t\t\t\t\t<span class=\"elementor-toggle-icon-closed\"><svg class=\"e-font-icon-svg e-fas-caret-right\" viewBox=\"0 0 192 512\" xmlns=\"http:\/\/www.w3.org\/2000\/svg\"><path d=\"M0 384.662V127.338c0-17.818 21.543-26.741 34.142-14.142l128.662 128.662c7.81 7.81 7.81 20.474 0 28.284L34.142 398.804C21.543 411.404 0 402.48 0 384.662z\"><\/path><\/svg><\/span>\n\t\t\t\t\t\t\t\t<span class=\"elementor-toggle-icon-opened\"><svg class=\"elementor-toggle-icon-opened e-font-icon-svg e-fas-caret-up\" viewBox=\"0 0 320 512\" xmlns=\"http:\/\/www.w3.org\/2000\/svg\"><path d=\"M288.662 352H31.338c-17.818 0-26.741-21.543-14.142-34.142l128.662-128.662c7.81-7.81 20.474-7.81 28.284 0l128.662 128.662c12.6 12.599 3.676 34.142-14.142 34.142z\"><\/path><\/svg><\/span>\n\t\t\t\t\t\t\t\t\t\t\t\t\t<\/span>\n\t\t\t\t\t\t\t\t\t\t\t\t<a class=\"elementor-toggle-title\" tabindex=\"0\">Diagnostische Kriterien der Impulsivit\u00e4t<\/a>\n\t\t\t\t\t<\/div>\n\n\t\t\t\t\t<div id=\"elementor-tab-content-1133\" class=\"elementor-tab-content elementor-clearfix\" data-tab=\"3\" role=\"region\" aria-labelledby=\"elementor-tab-title-1133\"><ul><li>Platzt h\u00e4ufig mit den Antworten heraus, bevor die Frage zu Ende gestellt ist.<\/li><li>Kann nur schwer warten, bis sie\/er an der Reihe ist.<\/li><li>Unterbricht und st\u00f6rt h\u00e4ufig (platzt z. B. in Gespr\u00e4che und Spiele anderer hinein).<\/li><\/ul><\/div>\n\t\t\t\t<\/div>\n\t\t\t\t\t\t\t\t<\/div>\n\t\t\t\t\t\t<\/div>\n\t\t\t\t\t<\/div>\n\t\t<\/div>\n\t\t\t\t\t<\/div>\n\t\t<\/section>\n\t\t\t\t\t<\/div>\n\t\t<\/div>\n\t\t\t\t\t<\/div>\n\t\t<\/section>\n\t\t\t\t<section class=\"elementor-section elementor-top-section elementor-element elementor-element-2aca6f7 elementor-section-full_width elementor-section-height-default elementor-section-height-default\" data-id=\"2aca6f7\" data-element_type=\"section\" data-e-type=\"section\">\n\t\t\t\t\t\t<div class=\"elementor-container elementor-column-gap-default\">\n\t\t\t\t\t<div class=\"elementor-column elementor-col-100 elementor-top-column elementor-element elementor-element-ec2726c\" data-id=\"ec2726c\" data-element_type=\"column\" data-e-type=\"column\">\n\t\t\t<div class=\"elementor-widget-wrap elementor-element-populated\">\n\t\t\t\t\t\t<div class=\"elementor-element elementor-element-788a188 elementor-widget elementor-widget-heading\" data-id=\"788a188\" data-element_type=\"widget\" data-e-type=\"widget\" data-widget_type=\"heading.default\">\n\t\t\t\t\t<h3 class=\"elementor-heading-title elementor-size-default\">Abkl\u00e4rung von ADHS bei Kindern und Jugendlichen<\/h3>\t\t\t\t<\/div>\n\t\t\t\t<section class=\"elementor-section elementor-inner-section elementor-element elementor-element-cd2683c elementor-section-boxed elementor-section-height-default elementor-section-height-default\" data-id=\"cd2683c\" data-element_type=\"section\" data-e-type=\"section\">\n\t\t\t\t\t\t<div class=\"elementor-container elementor-column-gap-default\">\n\t\t\t\t\t<div class=\"elementor-column elementor-col-100 elementor-inner-column elementor-element elementor-element-248bf92\" data-id=\"248bf92\" data-element_type=\"column\" data-e-type=\"column\">\n\t\t\t<div class=\"elementor-widget-wrap elementor-element-populated\">\n\t\t\t\t\t\t<div class=\"elementor-element elementor-element-08e073b elementor-widget elementor-widget-text-editor\" data-id=\"08e073b\" data-element_type=\"widget\" data-e-type=\"widget\" data-widget_type=\"text-editor.default\">\n\t\t\t\t\t\t\t\t\t<p>Eine \u00dcbersicht der Klinik f\u00fcr Kinder- und Jugendpsychiatrie und Psychotherapie der Psychiatrischen Universit\u00e4tsklinik Z\u00fcrich<\/p><p><strong>Wann und durch wen wird eine Abkl\u00e4rung durchgef\u00fchrt?<\/strong><\/p><p>Obwohl ADHS h\u00e4ufig vorkommt, ist die Diagnosestellung anspruchsvoll. Eine Abkl\u00e4rung sollte durchgef\u00fchrt werden, wenn ADHS-typische Verhaltensauff\u00e4lligkeiten \u2013 Hyperaktivit\u00e4t, Impulsivit\u00e4t, und\/oder Unaufmerksamkeit \u2013 im Alltag mit funktionalen Einschr\u00e4nkungen einhergehen. Normalerweise sollte die ADHS-Diagnose durch eine speziell daf\u00fcr ausgebildete Fachperson erfolgen.\u00a0 Das sind in erster Linie Kinder- und Jugendpsychiater*innen und -Psycholog*innen, sowie Kinder\u00e4rzt*innen.<\/p><p><strong>Wer definiert, was \u201eADHS\u201c ist?<\/strong><\/p><p>Psychische St\u00f6rungsbilder werden von internationalen Fachorganisationen wie der \u201eWorld Health Organisation\u201c (WHO) definiert. In der Schweiz wird die Internationale Klassifikation der St\u00f6rungen (engl. International Classification of Disease (ICD)) verwendet.\u00a0 Durch anerkannte Kriterien wird sichergestellt, dass tats\u00e4chlich alle dasselbe meinen, wenn sie von ADHS sprechen. Alle 10 bis 20 Jahre werden die St\u00f6rungsdefinitionen aktualisiert. Zur Zeit befinden wir uns im \u00dcbergang der G\u00fcltigkeit der Version ICD-10 zu ICD-11.\u00a0 Nach ICD-11 ver\u00e4ndert sich die Definition der ADHS etwas; z. B. ist ADHS ohne Hyperaktivit\u00e4t (fr\u00fcher \u201eADS\u201c) jetzt eine Unterform von ADHS (\u201eADHS, vorwiegend unaufmerksam\u201c).<\/p><p><strong>Wer legt fest, wie man ADHS diagnostiziert?<\/strong><\/p><p>Die meisten Fachpersonen orientieren sich an \u201eLeitlinien\u201c, die von medizinischen Fachgesellschaften erstellt werden (z.B. <em>AWMS Leitlinie S3<\/em> <em>zur Aufmerksamkeitsdefizit- \/ Hyperaktivit\u00e4tsst\u00f6rung (ADHS) im Kindes-, Jugend- und Erwachsenenalter)<\/em>. Darin werden Empfehlungen gegeben f\u00fcr das Vorgehen bei Diagnostik und Therapie.\u00a0<\/p><p><strong>Aufbau der diagnostischen Untersuchung: <\/strong><strong>Befragung von Eltern\/Bezugspersonen und Kind<\/strong><\/p><p>Wichtigster Teil der Untersuchung ist das gemeinsame Gespr\u00e4ch mit den Eltern und dem Kind. Je nach Alter des Kindes kann manchmal ein Teil des Gespr\u00e4chs nur mit den Eltern oder nur mit dem Jugendlichen erfolgen. Gefragt wird nach den aktuellen Verhaltensproblemen und den typischen Situationen, in denen das Problemverhalten auftritt, sowie nach dem Leidensdruck aller Beteiligten. Es werden lebensgeschichtliche Ereignisse und Entwicklungsschritte des Kindes erfragt. Dazu geh\u00f6rt auch die Situation des Kindes in der Familie oder im Kindergarten bzw. in der Schule. Ziel ist es, ein umfassendes Bild des Kindes in seiner Lebensumwelt zu erhalten, einschliesslich Schw\u00e4chen und St\u00e4rken und bisherigen Unterst\u00fctzungsangeboten.<\/p><p><strong>Ausschluss von anderen Ursachen (Differentialdiagnose)<\/strong><\/p><p>Es sollte untersucht werden, ob die ADHS-Symptome vielleicht durch eine andere St\u00f6rung ausgel\u00f6st werden, die dann anders behandelt werden m\u00fcsste als eine ADHS. Es k\u00f6nnen dazu z.B. eine k\u00f6rperliche Untersuchung des Kindes erforderlich sein (bspw. H\u00f6r- und Sehtests), Laboruntersuchungen, neurologische Untersuchungen mit bildgebenden Verfahren wie MRT (Magnet-Resonanz-Tomographie) oder eine Hirnstrommessung mit klinischem EEG (Elektroenzephalogramm) zum Ausschluss einer Epilepsie. \u00a0Zur eigentlichen ADHS-Diagnose kann aber keines dieser Verfahren sinnvoll eingesetzt werden; diese Abkl\u00e4rungen dienen lediglich zum Ausschluss anderer St\u00f6rungen. \u00a0<\/p><p><strong>Abkl\u00e4ren von Begleitst\u00f6rungen<\/strong><\/p><p>Fachpersonen kl\u00e4ren ausserdem ab, \u2013 im Gespr\u00e4ch, mit Fragebogen und\/oder Tests -, ob zus\u00e4tzlich zur ADHS noch andere Probleme vorliegen, was h\u00e4ufig vorkommt (etwa 60% der F\u00e4lle). Oft gehen Fachpersonen dazu systematisch eine Liste von psychischen Problemen durch, damit sie St\u00f6rungen erfassen k\u00f6nnen, die nicht spontan genannt werden.\u00a0 Es kommen z.B. Angstst\u00f6rungen oder Depressionen bei ADHS h\u00e4ufiger vor als bei Kindern ohne ADHS.\u00a0 Das gilt auch f\u00fcr Lernst\u00f6rungen, wie z.B. Dyslexie.<\/p><p><strong>Fragebogenverfahren<\/strong><\/p><p>Viele Fachpersonen setzen ADHS-Fragebogenverfahren ein, die von den Eltern, Lehrpersonen und, je nach Alter, von dem betroffenen Kind selbst ausgef\u00fcllt werden. Dabei wird systematisch nach den f\u00fcr ADHS relevanten Problemen gefragt (z.B. \u201eist zappelig\u201c), wobei auch der Schweregrad der Probleme angegeben wird (z.B. von 1 (\u201etrifft gar nicht zu\u201c) bis 4 \u201e(trifft v\u00f6llig zu\u201c)).\u00a0 Es ist sehr wichtig, vergleichbare Angaben von unterschiedlichen Personen zu erhalten, da sich das Kind je nach Situation (zuhause, in der Schulklasse) anders verhalten kann.\u00a0<\/p><p><strong>Testpsychologische Untersuchungen<\/strong><\/p><p>Testpsychologische Untersuchungen werden eingesetzt, um Leistungsprobleme und -St\u00e4rken zu erfassen. Dabei sind die Eltern normalerweise nicht anwesend, damit sich die Kinder nicht durch deren Anwesenheit beeinflussen lassen. Meist wird zun\u00e4chst ein Test zum allgemeinen Leistungsniveau (Intelligenztest) durchgef\u00fchrt, der sich aus mehreren Untertests zu unterschiedlichen F\u00e4higkeiten zusammensetzt. Weitere Testverfahren, auch am Computer, z.B.\u00a0 zur Aufmerksamkeit oder Selbstkontrolle, werden nach Bedarf verwendet.\u00a0\u00a0<\/p><p><strong>Fremdbefragung<\/strong><\/p><p>Um zu \u00fcberpr\u00fcfen, wie sich ADHS-Symptome in der Schule (dem Kindergarten) zeigen, geh\u00f6rt eine Befragung der wichtigsten Lehrperson(en) in der Regel zur Diagnostik dazu, nat\u00fcrlich mit Einverst\u00e4ndnis der Eltern.\u00a0 Manchmal ist auch ein Unterrichtsbesuch erforderlich, um ein besseres Bild zu erhalten.\u00a0<\/p><p>Eine sorgf\u00e4ltige Abkl\u00e4rung ist die Voraussetzung f\u00fcr die Behandlung, da jeder Fall von ADHS individuell betrachtet und behandelt werden sollte.<\/p><p><em>Autoren: Dr. Anna Werling, Dr. Bel\u00e9n Rubio, Prof. Dr. Renate Drechsler<\/em><\/p>\t\t\t\t\t\t\t\t<\/div>\n\t\t\t\t\t<\/div>\n\t\t<\/div>\n\t\t\t\t\t<\/div>\n\t\t<\/section>\n\t\t\t\t\t<\/div>\n\t\t<\/div>\n\t\t\t\t\t<\/div>\n\t\t<\/section>\n\t\t\t\t<section class=\"elementor-section elementor-top-section elementor-element elementor-element-ff2f2a4 elementor-section-full_width elementor-section-height-default elementor-section-height-default\" data-id=\"ff2f2a4\" data-element_type=\"section\" data-e-type=\"section\">\n\t\t\t\t\t\t<div class=\"elementor-container elementor-column-gap-default\">\n\t\t\t\t\t<div class=\"elementor-column elementor-col-100 elementor-top-column elementor-element elementor-element-a0b48c2\" data-id=\"a0b48c2\" data-element_type=\"column\" data-e-type=\"column\">\n\t\t\t<div class=\"elementor-widget-wrap elementor-element-populated\">\n\t\t\t\t\t\t<div class=\"elementor-element elementor-element-1eb3628 elementor-widget elementor-widget-heading\" data-id=\"1eb3628\" data-element_type=\"widget\" data-e-type=\"widget\" data-widget_type=\"heading.default\">\n\t\t\t\t\t<h3 class=\"elementor-heading-title elementor-size-default\">Diagnose bei Verdacht auf ADHS<\/h3>\t\t\t\t<\/div>\n\t\t\t\t<div class=\"elementor-element elementor-element-877a1a7 elementor-tabs-view-horizontal elementor-widget elementor-widget-tabs\" data-id=\"877a1a7\" data-element_type=\"widget\" data-e-type=\"widget\" data-widget_type=\"tabs.default\">\n\t\t\t\t\t\t\t<div class=\"elementor-tabs\">\n\t\t\t<div class=\"elementor-tabs-wrapper\" role=\"tablist\" >\n\t\t\t\t\t\t\t\t\t<div id=\"elementor-tab-title-1421\" class=\"elementor-tab-title elementor-tab-desktop-title\" aria-selected=\"true\" data-tab=\"1\" role=\"tab\" tabindex=\"0\" aria-controls=\"elementor-tab-content-1421\" aria-expanded=\"false\">Diagnostische Kriterien der Impulsivit\u00e4t<\/div>\n\t\t\t\t\t\t\t\t\t<div id=\"elementor-tab-title-1422\" class=\"elementor-tab-title elementor-tab-desktop-title\" aria-selected=\"false\" data-tab=\"2\" role=\"tab\" tabindex=\"-1\" aria-controls=\"elementor-tab-content-1422\" aria-expanded=\"false\">Abkl\u00e4rung und Diagnose<\/div>\n\t\t\t\t\t\t\t\t\t<div id=\"elementor-tab-title-1423\" class=\"elementor-tab-title elementor-tab-desktop-title\" aria-selected=\"false\" data-tab=\"3\" role=\"tab\" tabindex=\"-1\" aria-controls=\"elementor-tab-content-1423\" aria-expanded=\"false\">Fr\u00fcherfassung und Behandlung<\/div>\n\t\t\t\t\t\t\t\t\t<div id=\"elementor-tab-title-1424\" class=\"elementor-tab-title elementor-tab-desktop-title\" aria-selected=\"false\" data-tab=\"4\" role=\"tab\" tabindex=\"-1\" aria-controls=\"elementor-tab-content-1424\" aria-expanded=\"false\">Hilfe, Unterst\u00fctzung und Therapie<\/div>\n\t\t\t\t\t\t\t<\/div>\n\t\t\t<div class=\"elementor-tabs-content-wrapper\" role=\"tablist\" aria-orientation=\"vertical\">\n\t\t\t\t\t\t\t\t\t<div class=\"elementor-tab-title elementor-tab-mobile-title\" aria-selected=\"true\" data-tab=\"1\" role=\"tab\" tabindex=\"0\" aria-controls=\"elementor-tab-content-1421\" aria-expanded=\"false\">Diagnostische Kriterien der Impulsivit\u00e4t<\/div>\n\t\t\t\t\t<div id=\"elementor-tab-content-1421\" class=\"elementor-tab-content elementor-clearfix\" data-tab=\"1\" role=\"tabpanel\" aria-labelledby=\"elementor-tab-title-1421\" tabindex=\"0\" hidden=\"false\"><p>Wir wissen, wie wichtig die richtige Unterst\u00fctzung\/Therapie und wie schwierig der Weg dahin oft ist. Da sind einerseits all die \u00abguten Ratschl\u00e4ge\u00bb und andererseits verunsichernde und verwirrende Medien-Meldungen, die zusammen mit dem h\u00e4ufig hohen Leidens- und Handlungsdruck zus\u00e4tzlich belastend wirken. Aufgrund sachlicher und unabh\u00e4ngiger Informationen kann letztlich entschieden werden, was f\u00fcr Kind, Familie und andere Bezugspersonen individuell hilfreich ist.<\/p><p><strong>Jedes Kind ist einzigartig<br \/><\/strong>Gerade deshalb ist eine Abkl\u00e4rung zwingend. Viele dieser Kinder verf\u00fcgen \u00fcber ein grosses Potential, das sie aufgrund der Probleme jedoch nicht gen\u00fcgend umsetzen k\u00f6nnen. So sind sie oft sehr empfindsam und haben viele \u00abstarke Seiten\u00bb. Im Sinne einer resilienten Erziehung sollen diese positiven Eigenschaften gef\u00f6rdert und in der Therapie als Ressourcen miteinbezogen werden. Nicht zuletzt geht es auch um die Bereitschaft, diese Kinder und Jugendlichen in ihrer ganzen Pers\u00f6nlichkeit wahr zu nehmen und zu respektieren. Mit all ihren Facetten. Jeder von uns hat Schw\u00e4chen und Schattenseiten. Kurz: Die Auswirkungen von ADHS m\u00fcssen wir ernst nehmen, das Kind jedoch nie auf diese Problematik reduzieren!<\/p><p><b>Erl\u00e4uterungen zu diagnostischen Kriterien und ADHS-Auspr\u00e4gungen<br \/><\/b><span style=\"font-family: var( --e-global-typography-text-font-family ), Sans-serif; font-size: var( --e-global-typography-text-font-size ); font-style: var( --e-global-typography-text-font-style ); font-weight: var( --e-global-typography-text-font-weight ); letter-spacing: var( --e-global-typography-text-letter-spacing ); text-transform: var( --e-global-typography-text-text-transform ); word-spacing: var( --e-global-typography-text-word-spacing ); background-color: var( --e-global-color-85a1435 ); color: var( --e-global-color-accent );\">Als Ursache gelten genetische Faktoren und ein Ungleichgewicht der Botenstoffe (Neurotransmitter). Umwelteinfl\u00fcsse k\u00f6nnen dabei verst\u00e4rkend wirken und es kommt zu einem Wechselspiel. Die Kernsymptome (Merkmale) dieser Entwicklungsst\u00f6rung sind: Unaufmerksamkeit, Impulsivit\u00e4t und eventuell Hyper- oder Hypoaktivit\u00e4t. In der Schweiz gibt es sch\u00e4tzungsweise rund 200\u2019000 Menschen mit ADHS. Rund 5 Prozent der Kinder sind davon betroffen.<\/span><\/p><\/div>\n\t\t\t\t\t\t\t\t\t<div class=\"elementor-tab-title elementor-tab-mobile-title\" aria-selected=\"false\" data-tab=\"2\" role=\"tab\" tabindex=\"-1\" aria-controls=\"elementor-tab-content-1422\" aria-expanded=\"false\">Abkl\u00e4rung und Diagnose<\/div>\n\t\t\t\t\t<div id=\"elementor-tab-content-1422\" class=\"elementor-tab-content elementor-clearfix\" data-tab=\"2\" role=\"tabpanel\" aria-labelledby=\"elementor-tab-title-1422\" tabindex=\"0\" hidden=\"hidden\"><p><strong>Eine gr\u00fcndliche, differenzierte und ganzheitliche Abkl\u00e4rung<\/strong> durch eine qualifizierte Fachperson ist die Grund-Voraussetzung f\u00fcr eine erfolgreiche und individuelle Therapie. Denn rund 5% der Kinder sind in einem Ausmass betroffen, dass ihre pers\u00f6nliche und schulische Entwicklung erheblich darunter leidet. Und heute weiss man, dass bei 50 % die Symptomatik auch im Erwachsenenalter weiter besteht.<\/p><\/div>\n\t\t\t\t\t\t\t\t\t<div class=\"elementor-tab-title elementor-tab-mobile-title\" aria-selected=\"false\" data-tab=\"3\" role=\"tab\" tabindex=\"-1\" aria-controls=\"elementor-tab-content-1423\" aria-expanded=\"false\">Fr\u00fcherfassung und Behandlung<\/div>\n\t\t\t\t\t<div id=\"elementor-tab-content-1423\" class=\"elementor-tab-content elementor-clearfix\" data-tab=\"3\" role=\"tabpanel\" aria-labelledby=\"elementor-tab-title-1423\" tabindex=\"0\" hidden=\"hidden\"><p><strong>Fr\u00fcherfassung und Behandlung<\/strong> sind bei ADHS enorm wichtig. Erlebt sich das Kind stets negativ, ist der Aufbau eines gesunden Selbstwert- und Identit\u00e4tsgef\u00fchls kaum m\u00f6glich, was das weitere Leben stark beeintr\u00e4chtigt. Wird eine ADHS-Symptomatik nicht rechtzeitig entdeckt oder behandelt, erh\u00f6ht sich das Risiko einer Komorbidit\u00e4t (Begleiterkrankung) oder Folgest\u00f6rung. Leiden wie Tics, Angst- oder Zwangsst\u00f6rungen, Depressionen oder Suizidgedanken k\u00f6nnen bereits im Kindesalter auftreten, w\u00e4hrend bei Jugendlichen Essst\u00f6rungen und Suchtgef\u00e4hrdung (\u00abSelbstmedikation\u00bb) hinzukommen.<\/p><\/div>\n\t\t\t\t\t\t\t\t\t<div class=\"elementor-tab-title elementor-tab-mobile-title\" aria-selected=\"false\" data-tab=\"4\" role=\"tab\" tabindex=\"-1\" aria-controls=\"elementor-tab-content-1424\" aria-expanded=\"false\">Hilfe, Unterst\u00fctzung und Therapie<\/div>\n\t\t\t\t\t<div id=\"elementor-tab-content-1424\" class=\"elementor-tab-content elementor-clearfix\" data-tab=\"4\" role=\"tabpanel\" aria-labelledby=\"elementor-tab-title-1424\" tabindex=\"0\" hidden=\"hidden\"><div><div>Nach erfolgter Diagnose durch den Facharzt oder Psychologen ist die Aufkl\u00e4rung und Beratung von Eltern und Kind durch den Spezialisten ein Muss. Je nach Auspr\u00e4gung der St\u00f6rung ist ein multimodaler Therapieansatz unerl\u00e4sslich. Um ein Kind oder einen Jugendlichen gezielt unterst\u00fctzen zu k\u00f6nnen, sind manchmal zus\u00e4tzliche, individuelle Interventionen angezeigt. Es gibt inzwischen zahlreiche Therapieformen und Unterst\u00fctzungsm\u00f6glichkeiten, die in dieser Publikation teilweise ausf\u00fchrlich vorgestellt werden. Priorit\u00e4t haben sogenannt evidenzbasierte (wissenschaftlich als wirkungsvoll erwiesene) Massnahmen. Was sinnvoll und hilfreich ist, muss im Einzelfall abgekl\u00e4rt und entschieden werden. Damit die Therapie-Bausteine jedoch tragend wirken, sollten sie f\u00fcr alle Beteiligten stimmig und motivierend sein. Auf keinen Fall darf ein Kind \u00ab\u00fcbertherapiert\u00bb werden.<\/div><\/div><\/div>\n\t\t\t\t\t\t\t<\/div>\n\t\t<\/div>\n\t\t\t\t\t\t<\/div>\n\t\t\t\t<section class=\"elementor-section elementor-inner-section elementor-element elementor-element-f4273ad elementor-section-boxed elementor-section-height-default elementor-section-height-default\" data-id=\"f4273ad\" data-element_type=\"section\" data-e-type=\"section\">\n\t\t\t\t\t\t<div class=\"elementor-container elementor-column-gap-default\">\n\t\t\t\t\t<div class=\"elementor-column elementor-col-50 elementor-inner-column elementor-element elementor-element-8aa695f\" data-id=\"8aa695f\" data-element_type=\"column\" data-e-type=\"column\">\n\t\t\t<div class=\"elementor-widget-wrap elementor-element-populated\">\n\t\t\t\t\t\t<div class=\"elementor-element elementor-element-5e78924 elementor-align-center elementor-widget elementor-widget-button\" data-id=\"5e78924\" data-element_type=\"widget\" data-e-type=\"widget\" data-widget_type=\"button.default\">\n\t\t\t\t\t\t\t\t\t\t<a class=\"elementor-button elementor-button-link elementor-size-sm\" href=\"https:\/\/elpos.ch\/therapie\/\">\n\t\t\t\t\t\t<span class=\"elementor-button-content-wrapper\">\n\t\t\t\t\t\t\t\t\t<span class=\"elementor-button-text\">Wie wird ADHS therapiert? <\/span>\n\t\t\t\t\t<\/span>\n\t\t\t\t\t<\/a>\n\t\t\t\t\t\t\t\t<\/div>\n\t\t\t\t\t<\/div>\n\t\t<\/div>\n\t\t\t\t<div class=\"elementor-column elementor-col-50 elementor-inner-column elementor-element elementor-element-215ac3e\" data-id=\"215ac3e\" data-element_type=\"column\" data-e-type=\"column\">\n\t\t\t<div class=\"elementor-widget-wrap elementor-element-populated\">\n\t\t\t\t\t\t<div class=\"elementor-element elementor-element-3e0f968 elementor-align-center elementor-widget elementor-widget-button\" data-id=\"3e0f968\" data-element_type=\"widget\" data-e-type=\"widget\" data-widget_type=\"button.default\">\n\t\t\t\t\t\t\t\t\t\t<a class=\"elementor-button elementor-button-link elementor-size-sm\" href=\"https:\/\/elpos.ch\/haeufig-gestellte-fragen\/\">\n\t\t\t\t\t\t<span class=\"elementor-button-content-wrapper\">\n\t\t\t\t\t\t\t\t\t<span class=\"elementor-button-text\">H\u00e4ufig gestellte Fragen und Antworten<\/span>\n\t\t\t\t\t<\/span>\n\t\t\t\t\t<\/a>\n\t\t\t\t\t\t\t\t<\/div>\n\t\t\t\t\t<\/div>\n\t\t<\/div>\n\t\t\t\t\t<\/div>\n\t\t<\/section>\n\t\t\t\t\t<\/div>\n\t\t<\/div>\n\t\t\t\t\t<\/div>\n\t\t<\/section>\n\t\t\t\t<section class=\"elementor-section elementor-top-section elementor-element elementor-element-0a4d8b8 elementor-section-full_width elementor-section-height-default elementor-section-height-default\" data-id=\"0a4d8b8\" data-element_type=\"section\" data-e-type=\"section\">\n\t\t\t\t\t\t<div class=\"elementor-container elementor-column-gap-default\">\n\t\t\t\t\t<div class=\"elementor-column elementor-col-100 elementor-top-column elementor-element elementor-element-45b3d37\" data-id=\"45b3d37\" data-element_type=\"column\" data-e-type=\"column\">\n\t\t\t<div class=\"elementor-widget-wrap elementor-element-populated\">\n\t\t\t\t\t\t<div class=\"elementor-element elementor-element-ac8b93c elementor-widget elementor-widget-heading\" data-id=\"ac8b93c\" data-element_type=\"widget\" data-e-type=\"widget\" data-widget_type=\"heading.default\">\n\t\t\t\t\t<h3 class=\"elementor-heading-title elementor-size-default\">ADHS \u2013 was nun?<\/h3>\t\t\t\t<\/div>\n\t\t\t\t<div class=\"elementor-element elementor-element-9dbf6c7 elementor-widget elementor-widget-text-editor\" data-id=\"9dbf6c7\" data-element_type=\"widget\" data-e-type=\"widget\" data-widget_type=\"text-editor.default\">\n\t\t\t\t\t\t\t\t\t<p><span data-offset-key=\"839cl-0-0\">Nach der Diagnose von ADHS stellt sich die Frage, wie man damit umgehen soll. Das Falt-Plakat und die Brosch\u00fcre sind hier, um zu informieren und zu unterst\u00fctzen. Die enthaltenen Tipps sollen bei den n\u00e4chsten Schritten und im Alltag helfen.<\/span><\/p>\t\t\t\t\t\t\t\t<\/div>\n\t\t\t\t<section class=\"elementor-section elementor-inner-section elementor-element elementor-element-ec46202 elementor-section-full_width elementor-section-height-default elementor-section-height-default\" data-id=\"ec46202\" data-element_type=\"section\" data-e-type=\"section\" data-settings=\"{&quot;background_background&quot;:&quot;classic&quot;}\">\n\t\t\t\t\t\t<div class=\"elementor-container elementor-column-gap-default\">\n\t\t\t\t\t<div class=\"elementor-column elementor-col-33 elementor-inner-column elementor-element elementor-element-dbea0bb\" data-id=\"dbea0bb\" data-element_type=\"column\" data-e-type=\"column\">\n\t\t\t<div class=\"elementor-widget-wrap elementor-element-populated\">\n\t\t\t\t\t\t<div class=\"elementor-element elementor-element-50c560f elementor-widget__width-initial elementor-widget elementor-widget-image\" data-id=\"50c560f\" data-element_type=\"widget\" data-e-type=\"widget\" data-widget_type=\"image.default\">\n\t\t\t\t\t\t\t\t\t\t\t\t\t\t\t<img fetchpriority=\"high\" decoding=\"async\" width=\"768\" height=\"734\" src=\"https:\/\/elpos.ch\/wp-content\/uploads\/Faltplakat_Vorderseite-768x734.webp\" class=\"attachment-medium_large size-medium_large wp-image-13283\" alt=\"\" srcset=\"https:\/\/elpos.ch\/wp-content\/uploads\/Faltplakat_Vorderseite-768x734.webp 768w, https:\/\/elpos.ch\/wp-content\/uploads\/Faltplakat_Vorderseite-300x287.webp 300w, https:\/\/elpos.ch\/wp-content\/uploads\/Faltplakat_Vorderseite.webp 816w\" sizes=\"(max-width: 768px) 100vw, 768px\" \/>\t\t\t\t\t\t\t\t\t\t\t\t\t\t\t<\/div>\n\t\t\t\t\t<\/div>\n\t\t<\/div>\n\t\t\t\t<div class=\"elementor-column elementor-col-33 elementor-inner-column elementor-element elementor-element-bf9cea6\" data-id=\"bf9cea6\" data-element_type=\"column\" data-e-type=\"column\" data-settings=\"{&quot;background_background&quot;:&quot;classic&quot;}\">\n\t\t\t<div class=\"elementor-widget-wrap elementor-element-populated\">\n\t\t\t\t\t\t<div class=\"elementor-element elementor-element-8d96a1b elementor-widget elementor-widget-text-editor\" data-id=\"8d96a1b\" data-element_type=\"widget\" data-e-type=\"widget\" data-widget_type=\"text-editor.default\">\n\t\t\t\t\t\t\t\t\t<div class=\"wpb_text_column wpb_content_element \"><div class=\"wpb_wrapper\"><p><span id=\"page1656R_mcid19\" class=\"markedContent\"><\/span><span id=\"page1656R_mcid21\" class=\"markedContent\"><span dir=\"ltr\" role=\"presentation\">Tipps f\u00fcr den Alltag zum Aufh\u00e4ngen<\/span><\/span><\/p><\/div><\/div>\t\t\t\t\t\t\t\t<\/div>\n\t\t\t\t\t<\/div>\n\t\t<\/div>\n\t\t\t\t<div class=\"elementor-column elementor-col-33 elementor-inner-column elementor-element elementor-element-689cdcb\" data-id=\"689cdcb\" data-element_type=\"column\" data-e-type=\"column\" data-settings=\"{&quot;background_background&quot;:&quot;classic&quot;}\">\n\t\t\t<div class=\"elementor-widget-wrap elementor-element-populated\">\n\t\t\t\t\t\t<div class=\"elementor-element elementor-element-0cd3bdd elementor-align-right elementor-widget elementor-widget-button\" data-id=\"0cd3bdd\" data-element_type=\"widget\" data-e-type=\"widget\" data-widget_type=\"button.default\">\n\t\t\t\t\t\t\t\t\t\t<a class=\"elementor-button elementor-button-link elementor-size-sm\" href=\"https:\/\/elpos.ch\/wp-content\/uploads\/2025_07_elpos_Neudiagnose-Set_Falt-Plakat_Tipps-fuer-den-Alltag_zurAnsicht.pdf\" target=\"_blank\">\n\t\t\t\t\t\t<span class=\"elementor-button-content-wrapper\">\n\t\t\t\t\t\t\t\t\t<span class=\"elementor-button-text\">herunterladen<\/span>\n\t\t\t\t\t<\/span>\n\t\t\t\t\t<\/a>\n\t\t\t\t\t\t\t\t<\/div>\n\t\t\t\t\t<\/div>\n\t\t<\/div>\n\t\t\t\t\t<\/div>\n\t\t<\/section>\n\t\t\t\t<section class=\"elementor-section elementor-inner-section elementor-element elementor-element-a41063e elementor-section-full_width elementor-section-height-default elementor-section-height-default\" data-id=\"a41063e\" data-element_type=\"section\" data-e-type=\"section\" data-settings=\"{&quot;background_background&quot;:&quot;classic&quot;}\">\n\t\t\t\t\t\t<div class=\"elementor-container elementor-column-gap-default\">\n\t\t\t\t\t<div class=\"elementor-column elementor-col-33 elementor-inner-column elementor-element elementor-element-0e24397\" data-id=\"0e24397\" data-element_type=\"column\" data-e-type=\"column\">\n\t\t\t<div class=\"elementor-widget-wrap elementor-element-populated\">\n\t\t\t\t\t\t<div class=\"elementor-element elementor-element-2c685b4 elementor-widget__width-initial elementor-widget elementor-widget-image\" data-id=\"2c685b4\" data-element_type=\"widget\" data-e-type=\"widget\" data-widget_type=\"image.default\">\n\t\t\t\t\t\t\t\t\t\t\t\t\t\t\t<img decoding=\"async\" width=\"768\" height=\"1089\" src=\"https:\/\/elpos.ch\/wp-content\/uploads\/Elpos_ADHS-Broschuere-Was-nun_Titelbild-768x1089.webp\" class=\"attachment-medium_large size-medium_large wp-image-12892\" alt=\"\" srcset=\"https:\/\/elpos.ch\/wp-content\/uploads\/Elpos_ADHS-Broschuere-Was-nun_Titelbild-768x1089.webp 768w, https:\/\/elpos.ch\/wp-content\/uploads\/Elpos_ADHS-Broschuere-Was-nun_Titelbild-211x300.webp 211w, https:\/\/elpos.ch\/wp-content\/uploads\/Elpos_ADHS-Broschuere-Was-nun_Titelbild-722x1024.webp 722w, https:\/\/elpos.ch\/wp-content\/uploads\/Elpos_ADHS-Broschuere-Was-nun_Titelbild-1083x1536.webp 1083w, https:\/\/elpos.ch\/wp-content\/uploads\/Elpos_ADHS-Broschuere-Was-nun_Titelbild-1444x2048.webp 1444w, https:\/\/elpos.ch\/wp-content\/uploads\/Elpos_ADHS-Broschuere-Was-nun_Titelbild.webp 1749w\" sizes=\"(max-width: 768px) 100vw, 768px\" \/>\t\t\t\t\t\t\t\t\t\t\t\t\t\t\t<\/div>\n\t\t\t\t\t<\/div>\n\t\t<\/div>\n\t\t\t\t<div class=\"elementor-column elementor-col-33 elementor-inner-column elementor-element elementor-element-072809f\" data-id=\"072809f\" data-element_type=\"column\" data-e-type=\"column\" data-settings=\"{&quot;background_background&quot;:&quot;classic&quot;}\">\n\t\t\t<div class=\"elementor-widget-wrap elementor-element-populated\">\n\t\t\t\t\t\t<div class=\"elementor-element elementor-element-8407384 elementor-widget elementor-widget-text-editor\" data-id=\"8407384\" data-element_type=\"widget\" data-e-type=\"widget\" data-widget_type=\"text-editor.default\">\n\t\t\t\t\t\t\t\t\t<div class=\"wpb_text_column wpb_content_element \"><div class=\"wpb_wrapper\"><div class=\"wpb_text_column wpb_content_element \"><div class=\"wpb_wrapper\"><p><span id=\"page1656R_mcid19\" class=\"markedContent\"><\/span><span id=\"page1656R_mcid21\" class=\"markedContent\"><span dir=\"ltr\" role=\"presentation\">ADHS \u2013 was nun? Erste Antworten auf wesentliche Fragen<\/span><\/span><\/p><\/div><\/div><\/div><\/div>\t\t\t\t\t\t\t\t<\/div>\n\t\t\t\t\t<\/div>\n\t\t<\/div>\n\t\t\t\t<div class=\"elementor-column elementor-col-33 elementor-inner-column elementor-element elementor-element-1371cb2\" data-id=\"1371cb2\" data-element_type=\"column\" data-e-type=\"column\" data-settings=\"{&quot;background_background&quot;:&quot;classic&quot;}\">\n\t\t\t<div class=\"elementor-widget-wrap elementor-element-populated\">\n\t\t\t\t\t\t<div class=\"elementor-element elementor-element-14520d0 elementor-align-right elementor-widget elementor-widget-button\" data-id=\"14520d0\" data-element_type=\"widget\" data-e-type=\"widget\" data-widget_type=\"button.default\">\n\t\t\t\t\t\t\t\t\t\t<a class=\"elementor-button elementor-button-link elementor-size-sm\" href=\"https:\/\/elpos.ch\/wp-content\/uploads\/Elpos_ADHS-Broschuere-Was-nun_online.pdf\" target=\"_blank\">\n\t\t\t\t\t\t<span class=\"elementor-button-content-wrapper\">\n\t\t\t\t\t\t\t\t\t<span class=\"elementor-button-text\">herunterladen<\/span>\n\t\t\t\t\t<\/span>\n\t\t\t\t\t<\/a>\n\t\t\t\t\t\t\t\t<\/div>\n\t\t\t\t\t<\/div>\n\t\t<\/div>\n\t\t\t\t\t<\/div>\n\t\t<\/section>\n\t\t\t\t<div class=\"elementor-element elementor-element-9dacae1 elementor-align-left elementor-mobile-align-left elementor-widget elementor-widget-button\" data-id=\"9dacae1\" data-element_type=\"widget\" data-e-type=\"widget\" data-widget_type=\"button.default\">\n\t\t\t\t\t\t\t\t\t\t<a class=\"elementor-button elementor-button-link elementor-size-sm\" href=\"https:\/\/elpos.ch\/haeufig-gestellte-fragen\/\" target=\"_blank\">\n\t\t\t\t\t\t<span class=\"elementor-button-content-wrapper\">\n\t\t\t\t\t\t\t\t\t<span class=\"elementor-button-text\">H\u00e4ufig gestellte Fragen<\/span>\n\t\t\t\t\t<\/span>\n\t\t\t\t\t<\/a>\n\t\t\t\t\t\t\t\t<\/div>\n\t\t\t\t\t<\/div>\n\t\t<\/div>\n\t\t\t\t\t<\/div>\n\t\t<\/section>\n\t\t\t\t<section class=\"elementor-section elementor-top-section elementor-element elementor-element-5d7e342 elementor-section-full_width elementor-section-height-default elementor-section-height-default\" data-id=\"5d7e342\" data-element_type=\"section\" data-e-type=\"section\">\n\t\t\t\t\t\t<div class=\"elementor-container elementor-column-gap-default\">\n\t\t\t\t\t<div class=\"elementor-column elementor-col-100 elementor-top-column elementor-element elementor-element-82cf195\" data-id=\"82cf195\" data-element_type=\"column\" data-e-type=\"column\" data-settings=\"{&quot;background_background&quot;:&quot;classic&quot;}\">\n\t\t\t<div class=\"elementor-widget-wrap elementor-element-populated\">\n\t\t\t\t\t\t<div class=\"elementor-element elementor-element-a28f8ef elementor-widget elementor-widget-text-editor\" data-id=\"a28f8ef\" data-element_type=\"widget\" data-e-type=\"widget\" data-widget_type=\"text-editor.default\">\n\t\t\t\t\t\t\t\t\tVeranstaltungen f\u00fcr Eltern von Kindern mit ADHS\t\t\t\t\t\t\t\t<\/div>\n\t\t\t\t<div class=\"elementor-element elementor-element-728ed6a elementor-widget elementor-widget-jet-listing-grid\" data-id=\"728ed6a\" data-element_type=\"widget\" data-e-type=\"widget\" data-settings=\"{&quot;columns&quot;:&quot;1&quot;}\" data-widget_type=\"jet-listing-grid.default\">\n\t\t\t\t\t<div class=\"jet-listing-grid jet-listing\"><div class=\"jet-listing-not-found jet-listing-grid__items\" data-nav=\"{&quot;enabled&quot;:false,&quot;type&quot;:null,&quot;more_el&quot;:null,&quot;query&quot;:[],&quot;widget_settings&quot;:{&quot;lisitng_id&quot;:103,&quot;posts_num&quot;:6,&quot;columns&quot;:1,&quot;columns_tablet&quot;:1,&quot;columns_mobile&quot;:1,&quot;column_min_width&quot;:240,&quot;column_min_width_tablet&quot;:240,&quot;column_min_width_mobile&quot;:240,&quot;inline_columns_css&quot;:false,&quot;is_archive_template&quot;:&quot;&quot;,&quot;post_status&quot;:[&quot;publish&quot;],&quot;use_random_posts_num&quot;:&quot;&quot;,&quot;max_posts_num&quot;:9,&quot;not_found_message&quot;:&quot;Aktuell finden keine Veranstaltungen f\\u00fcr Eltern statt&quot;,&quot;is_masonry&quot;:false,&quot;equal_columns_height&quot;:&quot;&quot;,&quot;use_load_more&quot;:&quot;&quot;,&quot;load_more_id&quot;:&quot;&quot;,&quot;load_more_type&quot;:&quot;click&quot;,&quot;load_more_offset&quot;:null,&quot;use_custom_post_types&quot;:&quot;&quot;,&quot;custom_post_types&quot;:[],&quot;hide_widget_if&quot;:&quot;&quot;,&quot;carousel_enabled&quot;:&quot;&quot;,&quot;slides_to_scroll&quot;:&quot;1&quot;,&quot;arrows&quot;:&quot;true&quot;,&quot;arrow_icon&quot;:&quot;fa fa-angle-left&quot;,&quot;dots&quot;:&quot;&quot;,&quot;autoplay&quot;:&quot;true&quot;,&quot;pause_on_hover&quot;:&quot;true&quot;,&quot;autoplay_speed&quot;:5000,&quot;infinite&quot;:&quot;true&quot;,&quot;center_mode&quot;:&quot;&quot;,&quot;effect&quot;:&quot;slide&quot;,&quot;speed&quot;:500,&quot;inject_alternative_items&quot;:&quot;&quot;,&quot;injection_items&quot;:[],&quot;scroll_slider_enabled&quot;:&quot;&quot;,&quot;scroll_slider_on&quot;:[&quot;desktop&quot;,&quot;tablet&quot;,&quot;mobile&quot;],&quot;custom_query&quot;:&quot;yes&quot;,&quot;custom_query_id&quot;:&quot;13&quot;,&quot;_element_id&quot;:&quot;&quot;,&quot;collapse_first_last_gap&quot;:false,&quot;list_tag_selection&quot;:&quot;&quot;,&quot;list_items_wrapper_tag&quot;:&quot;div&quot;,&quot;list_item_tag&quot;:&quot;div&quot;,&quot;empty_items_wrapper_tag&quot;:&quot;div&quot;}}\" data-listing-source=\"query\" data-listing-id=\"103\" data-query-id=\"13\" data-queried-id=\"1276|WP_Post\">Aktuell finden keine Veranstaltungen f\u00fcr Eltern statt<\/div><\/div>\t\t\t\t<\/div>\n\t\t\t\t<div class=\"elementor-element elementor-element-01520b4 elementor-align-center elementor-widget elementor-widget-button\" data-id=\"01520b4\" data-element_type=\"widget\" data-e-type=\"widget\" data-widget_type=\"button.default\">\n\t\t\t\t\t\t\t\t\t\t<a class=\"elementor-button elementor-button-link elementor-size-sm\" href=\"https:\/\/elpos.ch\/veranstaltungen\/\">\n\t\t\t\t\t\t<span class=\"elementor-button-content-wrapper\">\n\t\t\t\t\t\t\t\t\t<span class=\"elementor-button-text\">Alle Veranstaltungen<\/span>\n\t\t\t\t\t<\/span>\n\t\t\t\t\t<\/a>\n\t\t\t\t\t\t\t\t<\/div>\n\t\t\t\t\t<\/div>\n\t\t<\/div>\n\t\t\t\t\t<\/div>\n\t\t<\/section>\n\t\t\t\t<section class=\"elementor-section elementor-top-section elementor-element elementor-element-c9ea9e7 elementor-section-full_width elementor-section-height-default elementor-section-height-default\" data-id=\"c9ea9e7\" data-element_type=\"section\" data-e-type=\"section\" data-settings=\"{&quot;background_background&quot;:&quot;classic&quot;}\">\n\t\t\t\t\t\t\t<div class=\"elementor-background-overlay\"><\/div>\n\t\t\t\t\t\t\t<div class=\"elementor-container elementor-column-gap-default\">\n\t\t\t\t\t<div class=\"elementor-column elementor-col-100 elementor-top-column elementor-element elementor-element-bc673f6\" data-id=\"bc673f6\" data-element_type=\"column\" data-e-type=\"column\" data-settings=\"{&quot;background_background&quot;:&quot;classic&quot;}\">\n\t\t\t<div class=\"elementor-widget-wrap elementor-element-populated\">\n\t\t\t\t\t\t<div class=\"elementor-element elementor-element-3ebfb71 elementor-widget elementor-widget-text-editor\" data-id=\"3ebfb71\" data-element_type=\"widget\" data-e-type=\"widget\" data-widget_type=\"text-editor.default\">\n\t\t\t\t\t\t\t\t\tM\u00f6chten Sie mehr \u00fcber die Therapie&shy;m\u00f6glichkeiten bei ADHS erfahren?\t\t\t\t\t\t\t\t<\/div>\n\t\t\t\t<div class=\"elementor-element elementor-element-c6a0245 elementor-align-center elementor-widget elementor-widget-button\" data-id=\"c6a0245\" data-element_type=\"widget\" data-e-type=\"widget\" data-widget_type=\"button.default\">\n\t\t\t\t\t\t\t\t\t\t<a class=\"elementor-button elementor-button-link elementor-size-sm\" href=\"https:\/\/elpos.ch\/therapie\/\">\n\t\t\t\t\t\t<span class=\"elementor-button-content-wrapper\">\n\t\t\t\t\t\t\t\t\t<span class=\"elementor-button-text\">Mehr \u00fcber die Therapiem\u00f6glichkeiten erfahren<\/span>\n\t\t\t\t\t<\/span>\n\t\t\t\t\t<\/a>\n\t\t\t\t\t\t\t\t<\/div>\n\t\t\t\t\t<\/div>\n\t\t<\/div>\n\t\t\t\t\t<\/div>\n\t\t<\/section>\n\t\t\t\t<\/div>\n\t\t","protected":false},"excerpt":{"rendered":"<p>Diagnose Kinder und Jugendliche Die aktuellen diagnostischen Kriterien nach DSM-5 (DSM = Diagnostisches und Statistisches Handbuch psychischer St\u00f6rungen der US-Psychiatrischen Vereinigung) Vorwiegend unaufmerksam Vorwiegend hyperaktiv-impulsiv Kombiniertes (klinisches) Erscheinungsbild Zur Erteilung der Diagnose m\u00fcssen die Symptome bereits im Kindesalter (bis 12 Jahre) auftreten, mindestens 6 Monate vorliegen und in zwei oder mehreren Lebensbereichen (Familie, Schule etc.) [&hellip;]<\/p>\n","protected":false},"author":1,"featured_media":0,"parent":0,"menu_order":0,"comment_status":"closed","ping_status":"closed","template":"elementor_header_footer","meta":{"footnotes":""},"class_list":["post-1276","page","type-page","status-publish","hentry"],"publishpress_future_action":{"enabled":false,"date":"2026-09-08 07:59:47","action":"change-status","newStatus":"draft","terms":[],"taxonomy":"","extraData":[]},"publishpress_future_workflow_manual_trigger":{"enabledWorkflows":[]},"_links":{"self":[{"href":"https:\/\/elpos.ch\/fr\/wp-json\/wp\/v2\/pages\/1276","targetHints":{"allow":["GET"]}}],"collection":[{"href":"https:\/\/elpos.ch\/fr\/wp-json\/wp\/v2\/pages"}],"about":[{"href":"https:\/\/elpos.ch\/fr\/wp-json\/wp\/v2\/types\/page"}],"author":[{"embeddable":true,"href":"https:\/\/elpos.ch\/fr\/wp-json\/wp\/v2\/users\/1"}],"replies":[{"embeddable":true,"href":"https:\/\/elpos.ch\/fr\/wp-json\/wp\/v2\/comments?post=1276"}],"version-history":[{"count":0,"href":"https:\/\/elpos.ch\/fr\/wp-json\/wp\/v2\/pages\/1276\/revisions"}],"wp:attachment":[{"href":"https:\/\/elpos.ch\/fr\/wp-json\/wp\/v2\/media?parent=1276"}],"curies":[{"name":"wp","href":"https:\/\/api.w.org\/{rel}","templated":true}]}}