{"id":17159,"date":"2026-04-07T13:30:27","date_gmt":"2026-04-07T11:30:27","guid":{"rendered":"https:\/\/elpos.ch\/?post_type=erfahrungsberichte&#038;p=17159"},"modified":"2026-08-26T09:52:39","modified_gmt":"2026-08-26T07:52:39","slug":"dans-notre-entrepot-on-a-aussi-le-droit-de-deconner-un-peu","status":"publish","type":"erfahrungsberichte","link":"https:\/\/elpos.ch\/fr\/erfahrungsberichte\/in-unserem-lager-darf-auch-mal-seich-gemacht-werden\/","title":{"rendered":"\u00ab Chez nous, on a aussi le droit de faire un peu des b\u00eatises ! \u00bb"},"content":{"rendered":"<p class=\"wp-block-paragraph\"><em>Damian Nydegger \u00e9tait d\u00e9j\u00e0 pr\u00e9sent lors du premier camp elpos. Aujourd'hui, il jette un regard r\u00e9trospectif sur une p\u00e9riode riche en action, en chaleur humaine et en moments inoubliables.<\/em><\/p>\n\n\n\n<p class=\"wp-block-paragraph\"><em>Damian, te souviens-tu de ton premier camp ?<\/em><\/p>\n\n\n\n<p class=\"wp-block-paragraph\">Ma m\u00e8re a organis\u00e9 ce camp pour la premi\u00e8re fois il y a 20 ans, puis l'a dirig\u00e9 pendant des ann\u00e9es. J'avais environ 16 ans \u00e0 l'\u00e9poque et j'y \u00e9tais en tant que stagiaire. Je trouvais d\u00e9j\u00e0 que c'\u00e9tait un endroit sp\u00e9cial ! Apr\u00e8s sa p\u00e9riode en tant que responsable principale, j'ai repris le flambeau. Je crois que j'y ai particip\u00e9 15 ou 16 fois au total. Ces derni\u00e8res ann\u00e9es, nous avons b\u00e2ti une \u00e9quipe solide et pouvons maintenant transmettre le camp \u00e0 nos successeurs en toute s\u00e9r\u00e9nit\u00e9.<\/p>\n\n\n\n<p class=\"wp-block-paragraph\"><em>Tu arr\u00eates l'aventure ?<\/em><\/p>\n\n\n\n<p class=\"wp-block-paragraph\">Oui, l'\u00e9dition 2025 \u00e9tait ma derni\u00e8re. Je souhaite maintenant me consacrer pleinement \u00e0 mes enfants et \u00e0 mes loisirs.<\/p>\n\n\n\n<p class=\"wp-block-paragraph\"><em>Organiser un camp avec 50 enfants et plus de 20 animateurs demande beaucoup de temps et de ressources. Qu'est-ce qui t'a pouss\u00e9 \u00e0 t'investir pour ce camp toutes ces ann\u00e9es ?<\/em><\/p>\n\n\n\n<p class=\"wp-block-paragraph\">J'adore tout simplement ce camp ! Le m\u00e9lange d'activit\u00e9s, entre baignade, randonn\u00e9e, escalade et l'\u00e9nergie des enfants, est imbattable. C'est fatigant, oui, mais cela apporte tellement en retour. Les enfants rayonnent de joie, beaucoup aimeraient rester deux semaines (rires). Et comme un grand nombre d'entre eux reviennent chaque ann\u00e9e, on cr\u00e9e un vrai lien. C'est fascinant de suivre leur \u00e9volution, de les voir acqu\u00e9rir des strat\u00e9gies pour apprivoiser leur TDAH et gagner en maturit\u00e9 au fil des ans. Tout cela n'a pas de prix.<\/p>\n\n\n\n<p class=\"wp-block-paragraph\"><em>Qu'est-ce qui rend ce camp si particulier \u00e0 tes yeux ?<\/em><\/p>\n\n\n\n<p class=\"wp-block-paragraph\">Nous avons une \u00e9quipe de direction incroyablement formidable qui se soutient mutuellement. La plupart du temps, les nouveaux venus viennent de l'entourage des responsables actuels. On est donc automatiquement sur la m\u00eame longueur d'onde et on sait qu'on peut compter sur eux. Et puis, les enfants sont \u00e9videmment le meilleur \u00e9l\u00e9ment du camp, ils arrivent avec une immense spontan\u00e9it\u00e9 et beaucoup de chaleur. Bien s\u00fbr, il y a aussi des d\u00e9fis, nous devons toujours tout planifier dans les moindres d\u00e9tails, par exemple, la vue d'ensemble des m\u00e9dicaments, des allergies, etc. La r\u00e9partition des groupes en amont demande aussi une \u00e9nergie folle. De plus, la responsabilit\u00e9 en tant que responsable principal est \u00e9norme. On a \u00e0 peine le temps pour soi, tout doit \u00eatre supervis\u00e9, communiqu\u00e9 et ajust\u00e9 \u00e0 tout moment. L'administratif, c'est-\u00e0-dire les inscriptions et les finances, est heureusement g\u00e9r\u00e9 par l'association TDAH elpos Suisse. Si nous devions en plus porter cette charge mentale, nous ne pourrions pas assumer un tel engagement ! Ce qui m'a aussi toujours r\u00e9joui, c'est la fluidit\u00e9 et la d\u00e9contraction des relations avec les parents. J'ai d\u00e9j\u00e0 particip\u00e9 \u00e0 de nombreux camps diff\u00e9rents, mais nos familles TDAH ont quelque chose de sp\u00e9cial.<\/p>\n\n\n\n<p class=\"wp-block-paragraph\"><em>Qu'entends-tu par l\u00e0 ?<\/em><\/p>\n\n\n\n<p class=\"wp-block-paragraph\">Un enfant s'\u00e9tait un jour dessin\u00e9 une immense moustache au henn\u00e9 sur le visage\u2026 Nous avions d\u00fb appeler les parents pour les informer, car un tel tatouage tient au moins 2 semaines ! Les parents ont juste ri en disant : \u00ab Eh bien, il ira \u00e0 l'\u00e9cole comme \u00e7a ! \u00bb e m'en souviendrai toujours, car cela montre \u00e0 quel point l'ambiance chez nous est bienveillante et bas\u00e9e sur la confiance. Nous ne sommes pas rigides. Chez nous, on a aussi le droit de faire un peu des b\u00eatises ! Bien s\u00fbr, nous posons un cadre et des r\u00e8gles de s\u00e9curit\u00e9, mais elles sont certainement plus souples que dans d'autres structures. Et si la situation d\u00e9g\u00e9n\u00e8re tout de m\u00eame, nous essayons de trouver des solutions par la discussion. Notre devise est : \u00ab Chaque jour est un nouveau jour. \u00bb M\u00eame apr\u00e8s une grande dispute, on red\u00e9marre \u00e0 z\u00e9ro le lendemain. Ce qui me fascine toujours, c'est la vitesse \u00e0 laquelle les enfants TDAH pardonnent. Ils sont certes impulsifs et les disputes \u00e9clatent vite, mais l'orage passe aussi vite, et on peut alors reprendre le jeu ensemble. Je trouve \u00e7a g\u00e9nial.<\/p>\n\n\n\n<p class=\"wp-block-paragraph\"><em>Tu as toi-m\u00eame un TDAH, est-ce que tu le ressens au quotidien ?<\/em><\/p>\n\n\n\n<p class=\"wp-block-paragraph\">Je prenais de la Ritaline avant, mais plus maintenant. Cela m'aurait peut-\u00eatre aid\u00e9 \u00e0 l'universit\u00e9, mais je n'en avais pas vraiment besoin, car j'avais trouv\u00e9 mes strat\u00e9gies. Alors oui, je fais beaucoup de choses \u00e0 la derni\u00e8re minute, mais cela ne me stresse plus. Et j'ai beaucoup d'\u00e9nergie ! Sapeur-pompier volontaire, sport, vie de famille\u2026 je vis ma vie \u00e0 fond et \u00e7a fonctionne. Le TDAH n'est pas un obstacle pour moi, c'est juste une partie de moi. La perfection n'est pas le but. Il suffit que je sois satisfait et que je g\u00e8re mon quotidien \u00e0 ma mani\u00e8re.<\/p>","protected":false},"featured_media":17160,"template":"","class_list":["post-17159","erfahrungsberichte","type-erfahrungsberichte","status-publish","has-post-thumbnail","hentry"],"publishpress_future_workflow_manual_trigger":{"enabledWorkflows":[]},"_links":{"self":[{"href":"https:\/\/elpos.ch\/fr\/wp-json\/wp\/v2\/erfahrungsberichte\/17159","targetHints":{"allow":["GET"]}}],"collection":[{"href":"https:\/\/elpos.ch\/fr\/wp-json\/wp\/v2\/erfahrungsberichte"}],"about":[{"href":"https:\/\/elpos.ch\/fr\/wp-json\/wp\/v2\/types\/erfahrungsberichte"}],"wp:featuredmedia":[{"embeddable":true,"href":"https:\/\/elpos.ch\/fr\/wp-json\/wp\/v2\/media\/17160"}],"wp:attachment":[{"href":"https:\/\/elpos.ch\/fr\/wp-json\/wp\/v2\/media?parent=17159"}],"curies":[{"name":"wp","href":"https:\/\/api.w.org\/{rel}","templated":true}]}}