{"id":14677,"date":"2026-01-28T11:09:22","date_gmt":"2026-01-28T10:09:22","guid":{"rendered":"https:\/\/elpos.ch\/?post_type=erfahrungsberichte&#038;p=14677"},"modified":"2026-08-26T10:00:51","modified_gmt":"2026-08-26T08:00:51","slug":"les-libertes-dans-les-etudes-me-conviennent-tout-a-fait","status":"publish","type":"erfahrungsberichte","link":"https:\/\/elpos.ch\/fr\/erfahrungsberichte\/die-freiheiten-im-studium-kommen-mir-sehr-entgegen\/","title":{"rendered":"\u00ab La libert\u00e9 dans les \u00e9tudes me convient parfaitement. \u00bb"},"content":{"rendered":"<p class=\"wp-block-paragraph\"><em>Avant, j&#x27;avais du mal \u00e0 rester assis tranquille ou \u00e0 me concentrer sur des sujets qui ne m&#x27;int\u00e9ressaient pas. Mais depuis que j&#x27;\u00e9tudie l&#x27;histoire et les sciences politiques, tout a chang\u00e9 : tout \u00e0 coup, mon TDAH est devenu un atout.<\/em><\/p>\n\n\n\n<p class=\"wp-block-paragraph\">Je retiens souvent les textes d\u00e8s la premi\u00e8re lecture, simplement parce que le contenu me fascine. Beaucoup de mes camarades de classe doivent se forcer \u00e0 \u00e9tudier la mati\u00e8re, tandis que je me plonge avec passion dans les sujets. Les d\u00e9lais clairs \u00e0 l'universit\u00e9 m'aident \u00e0 d\u00e9finir mes priorit\u00e9s. Et la libert\u00e9 dans les \u00e9tudes me convient parfaitement, certains jours, je suis tr\u00e8s productif, d'autres, je ne fais que le n\u00e9cessaire et je me contente alors d'assister aux cours. Et c'est bien logique, je peux d\u00e9finir mon propre rythme.<\/p>\n\n\n\n<p class=\"wp-block-paragraph\"><em>Quand \u00e7a devient vraiment trop<\/em><\/p>\n\n\n\n<p class=\"wp-block-paragraph\">Bien s\u00fbr, j'ai parfois des difficult\u00e9s ou des moments o\u00f9 les stimuli ext\u00e9rieurs me submergent. C'est alors que \u00e7a m'aide d'\u00e9couter mon corps. Parfois j'ai besoin de faire du sport, d'autres fois c'est cuisiner quelque chose de bon, et puis autrement \u00e7a peut \u00eatre \u00e9couter de la musique et ne rien faire. De plus, mes \u00e9couteurs sont toujours allum\u00e9s, ils m'aident \u00e0 me concentrer. Ce qui m'aide aussi, ce sont mes hobbies et mes activit\u00e9s b\u00e9n\u00e9voles, mon engagement au PS d'Emmen, en tant qu'entra\u00eeneur \u00e0 la Soci\u00e9t\u00e9 Suisse de Sauvetage (SSS) ou, r\u00e9cemment, aussi aux pompiers me donnent une structure et un \u00e9quilibre. Le TDAH marque toujours mon quotidien, mais diff\u00e9remment d'avant<strong>.<\/strong> Quand j'\u00e9tais enfant, j'avais du mal \u00e0 me concentrer sans m\u00e9dicaments. Aujourd'hui, beaucoup de choses sont plus faciles, non seulement \u00e0 cause de mon \u00e2ge, mais parce que je suis passionn\u00e9e par mes \u00e9tudes et mes activit\u00e9s !<\/p>\n\n\n\n<p class=\"wp-block-paragraph\"><em>La franchise pour cr\u00e9e la compr\u00e9hension<\/em><\/p>\n\n\n\n<p class=\"wp-block-paragraph\">Je parle ouvertement de mon TDAH parce que j'ai appris que ceux qui comprennent ce que signifie la neurodiversit\u00e9 sont plus tol\u00e9rants \u00e0 son \u00e9gard. N\u00e9anmoins, j'aimerais que les personnes neurodivergentes soient encore plus vues et entendues. C'est l'une des raisons pour lesquelles j'anime un groupe de discussion en ligne pour les adolescents concern\u00e9s par le TDAH<strong>.<\/strong> Beaucoup se sentent seuls, pourtant nous sommes nombreux.<\/p>\n\n\n\n<p class=\"wp-block-paragraph\">Mon message : le TDAH peut \u00eatre votre ennemi, ou votre plus grand alli\u00e9. Le choix vous appartient de le g\u00e9rer \u00e0 votre mani\u00e8re.<\/p>\n\n\n\n<p class=\"wp-block-paragraph\"><em>Flavio Mathis a 21 ans et anime un groupe de discussion en ligne pour adolescents atteints de TDAH. Il est en 4\u1d49 ann\u00e9e d'\u00e9tudes d'histoire et de sciences politiques \u00e0 Lucerne.<\/em><\/p>","protected":false},"featured_media":14678,"template":"","class_list":["post-14677","erfahrungsberichte","type-erfahrungsberichte","status-publish","has-post-thumbnail","hentry"],"publishpress_future_workflow_manual_trigger":{"enabledWorkflows":[]},"_links":{"self":[{"href":"https:\/\/elpos.ch\/fr\/wp-json\/wp\/v2\/erfahrungsberichte\/14677","targetHints":{"allow":["GET"]}}],"collection":[{"href":"https:\/\/elpos.ch\/fr\/wp-json\/wp\/v2\/erfahrungsberichte"}],"about":[{"href":"https:\/\/elpos.ch\/fr\/wp-json\/wp\/v2\/types\/erfahrungsberichte"}],"wp:featuredmedia":[{"embeddable":true,"href":"https:\/\/elpos.ch\/fr\/wp-json\/wp\/v2\/media\/14678"}],"wp:attachment":[{"href":"https:\/\/elpos.ch\/fr\/wp-json\/wp\/v2\/media?parent=14677"}],"curies":[{"name":"wp","href":"https:\/\/api.w.org\/{rel}","templated":true}]}}